{"id":1490,"date":"2022-12-16T13:23:04","date_gmt":"2022-12-16T16:23:04","guid":{"rendered":"https:\/\/isfd80-bue.infd.edu.ar\/sitio\/?page_id=1490"},"modified":"2026-02-20T14:16:32","modified_gmt":"2026-02-20T17:16:32","slug":"tecnicatura-superior-en-esterilizacion","status":"publish","type":"page","link":"https:\/\/isfd80-bue.infd.edu.ar\/sitio\/tecnicatura-superior-en-esterilizacion\/","title":{"rendered":"Tecnicatura Superior en Gestor\u00eda"},"content":{"rendered":"\n<p><a href=\"https:\/\/isfd80-bue.infd.edu.ar\/sitio\/inscripciones\/\" data-type=\"URL\" data-id=\"https:\/\/isfd80-bue.infd.edu.ar\/sitio\/inscripciones\/\" target=\"_blank\" rel=\"noreferrer noopener\">PREINSCRIPCI\u00d3N 2026<\/a><\/p>\n\n\n\n<ul>\n<li><strong>T\u00edtulo a otorgar:&nbsp;<\/strong>T\u00e9cnico Superior en Gestor\u00eda<\/li>\n\n\n\n<li><strong>Resoluci\u00f3n N\u00b0<\/strong> 4103\/03<\/li>\n\n\n\n<li><strong>Duraci\u00f3n de la carrera en a\u00f1os acad\u00e9micos:&nbsp;<\/strong>Tres a\u00f1os<\/li>\n\n\n\n<li><strong>Modalidad de cursada<\/strong>: Presencial<\/li>\n\n\n\n<li><strong>Carga horaria total:&nbsp;<\/strong>1824 horas <\/li>\n\n\n\n<li><strong>Turno de cursada<\/strong>: Lunes a viernes 13 a 17 horas. <\/li>\n\n\n\n<li><strong>Perfil profesional<\/strong>:<\/li>\n<\/ul>\n\n\n\n<p>El T\u00e9cnico Superior en Gestor\u00eda es un profesional que estar\u00e1 capacitado para una actuaci\u00f3n efectiva en la instrumentaci\u00f3n de los derechos de contenido patrimonial frente a los organismos de la Administraci\u00f3n P\u00fablica. El egresado de este plan estar\u00e1 en condiciones de desarrollar las competencias y habilidades b\u00e1sicas y especializadas para:<\/p>\n\n\n\n<ul>\n<li>Asesorar, al demandante de su gesti\u00f3n, en aspectos sustanciales relacionados con los derechos que pretenden instrumentar ante los organismos administrativos ( conocimientos del derecho p\u00fablico y privado),<\/li>\n\n\n\n<li>Integrar y formar parte de la administraci\u00f3n p\u00fablica (conocimiento de la organizaci\u00f3n administrativa, sociolog\u00eda de la administraci\u00f3n);<\/li>\n\n\n\n<li>Utilizar los conocimientos adquiridos para resolver situaciones t\u00e9cnico administrativas. Conocimiento y aplicaci\u00f3n de nuevas tecnolog\u00edas de la informaci\u00f3n y comunicaci\u00f3n (NTIC)<\/li>\n<\/ul>\n\n\n\n<ul>\n<li><strong>\u00c1rea ocupacional:<\/strong>  El T\u00e9cnico Superior en Gestor\u00eda es un profesional que estar\u00e1 matriculado en el Colegio de Gestores para desarrollar sus actividades en forma independiente ante organismos de la Administraci\u00f3n P\u00fablica o entes privados. Asimismo, podr\u00e1 pertenecer al personal de los distintos \u00e1mbitos de la Administraci\u00f3n.<\/li>\n<\/ul>\n\n\n\n<ul>\n<li><strong>Plan de estudios<\/strong>: descarga <a href=\"https:\/\/drive.google.com\/file\/d\/1TL1nhrbuM3O0i2xvg0-5yb1h62-YZ0J0\/view?usp=drive_link\" data-type=\"URL\" data-id=\"https:\/\/drive.google.com\/file\/d\/1TL1nhrbuM3O0i2xvg0-5yb1h62-YZ0J0\/view?usp=drive_link\" target=\"_blank\" rel=\"noreferrer noopener\">aqu\u00ed<\/a><\/li>\n\n\n\n<li><strong><strong>R\u00e9gimen de Correlatividades<\/strong>:<\/strong>&nbsp;descarga <a href=\"https:\/\/drive.google.com\/file\/d\/1NiofxLAgWacfvh0uZSaOKenLR_ovU9RG\/view?usp=drive_link\" data-type=\"URL\" data-id=\"https:\/\/drive.google.com\/file\/d\/1NiofxLAgWacfvh0uZSaOKenLR_ovU9RG\/view?usp=drive_link\">aqu\u00ed<\/a><\/li>\n<\/ul>\n\n\n\n<p><\/p>\n","protected":false},"excerpt":{"rendered":"<p>PREINSCRIPCI\u00d3N 2026 El T\u00e9cnico Superior en Gestor\u00eda es un profesional que estar\u00e1 capacitado para una actuaci\u00f3n efectiva en la instrumentaci\u00f3n de los derechos de contenido patrimonial frente a los organismos de la Administraci\u00f3n P\u00fablica. El egresado de este plan estar\u00e1 en condiciones de desarrollar las competencias y habilidades b\u00e1sicas y especializadas para:<\/p>\n","protected":false},"author":122,"featured_media":0,"parent":0,"menu_order":0,"comment_status":"closed","ping_status":"closed","template":"","meta":[],"acf":[],"_links":{"self":[{"href":"https:\/\/isfd80-bue.infd.edu.ar\/sitio\/wp-json\/wp\/v2\/pages\/1490"}],"collection":[{"href":"https:\/\/isfd80-bue.infd.edu.ar\/sitio\/wp-json\/wp\/v2\/pages"}],"about":[{"href":"https:\/\/isfd80-bue.infd.edu.ar\/sitio\/wp-json\/wp\/v2\/types\/page"}],"author":[{"embeddable":true,"href":"https:\/\/isfd80-bue.infd.edu.ar\/sitio\/wp-json\/wp\/v2\/users\/122"}],"replies":[{"embeddable":true,"href":"https:\/\/isfd80-bue.infd.edu.ar\/sitio\/wp-json\/wp\/v2\/comments?post=1490"}],"version-history":[{"count":19,"href":"https:\/\/isfd80-bue.infd.edu.ar\/sitio\/wp-json\/wp\/v2\/pages\/1490\/revisions"}],"predecessor-version":[{"id":1777,"href":"https:\/\/isfd80-bue.infd.edu.ar\/sitio\/wp-json\/wp\/v2\/pages\/1490\/revisions\/1777"}],"wp:attachment":[{"href":"https:\/\/isfd80-bue.infd.edu.ar\/sitio\/wp-json\/wp\/v2\/media?parent=1490"}],"curies":[{"name":"wp","href":"https:\/\/api.w.org\/{rel}","templated":true}]}}