{"id":764,"date":"2021-10-21T14:32:03","date_gmt":"2021-10-21T17:32:03","guid":{"rendered":"https:\/\/isfd80-bue.infd.edu.ar\/sitio\/?page_id=764"},"modified":"2024-10-15T09:46:28","modified_gmt":"2024-10-15T12:46:28","slug":"cobertura-de-catedra","status":"publish","type":"page","link":"https:\/\/isfd80-bue.infd.edu.ar\/sitio\/cobertura-de-catedra\/","title":{"rendered":"Cobertura de C\u00e1tedra"},"content":{"rendered":"\n<p>Informaci\u00f3n importante para aspirantes a concursar materias en el Nivel Superior<\/p>\n\n\n\n<p>Mecanismo de <strong>selecci\u00f3n por evaluaci\u00f3n de t\u00edtulos, antecedentes y oposici\u00f3n <\/strong>regulado por Resoluci\u00f3n N\u00b0 5886\/03 y Modificaci\u00f3n al Anexo I por Resoluci\u00f3n N\u00b0 1161\/20. <\/p>\n\n\n\n<p class=\"has-black-color has-cyan-bluish-gray-background-color has-text-color has-background has-medium-font-size\"><strong>Instancias:<\/strong><\/p>\n\n\n\n<ol>\n<li>Evaluaci\u00f3n de t\u00edtulos y antecedentes<\/li>\n\n\n\n<li>Propuesta curricular escrita<\/li>\n\n\n\n<li>Entrevista oral<\/li>\n<\/ol>\n\n\n\n<p><\/p>\n\n\n\n<ol>\n<li><strong>Evaluaci\u00f3n de t\u00edtulos y antecedentes<\/strong><\/li>\n<\/ol>\n\n\n\n<p>Comprende la siguiente evaluaci\u00f3n:<\/p>\n\n\n\n<ul>\n<li>Valoraci\u00f3n de t\u00edtulos y antecedentes seg\u00fan las pautas definidas por la Reglamentaci\u00f3n del ART\u00cdCULO 60, cuya evaluaci\u00f3n estar\u00e1 a cargo del respectivo <em>Tribunal Descentralizado.<\/em><\/li>\n\n\n\n<li>Evaluaci\u00f3n de antecedentes espec\u00edficos para el Nivel Superior vinculados con la especialidad de la convocatoria, a cargo de la Comisi\u00f3n Evaluadora.  Se considera lo siguiente:\n<ul>\n<li> Post\u00edtulos de educaci\u00f3n superior y postgrados universitarios <em>referidos a la especialidad<\/em> a la que concursa.<\/li>\n\n\n\n<li>Otros t\u00edtulos concurrentes a la especialidad<\/li>\n\n\n\n<li>Experiencia docente y\/o t\u00e9cnica<\/li>\n\n\n\n<li>Dictado de cursos en Instituciones reconocidas en los \u00faltimos 5 a\u00f1os.<\/li>\n\n\n\n<li>Concursos de oposici\u00f3n ganados en el Nivel Terciario, afines con la especialidad para la que concursa<\/li>\n\n\n\n<li>Investigaciones, obras y publicaciones<\/li>\n\n\n\n<li>Actividades de actualizaci\u00f3n y perfeccionamiento docente y\/o profesional de los \u00faltimos 5 a\u00f1os. <\/li>\n\n\n\n<li>Desarrollo de proyectos y experiencias relacionadas con el nivel o la especialidad para la que concursa.<\/li>\n\n\n\n<li>Distinciones, premios y becas referidos a la especialidad<\/li>\n\n\n\n<li>Haber participado en jurados evaluatorios de asignaturas de la especialidad<\/li>\n\n\n\n<li>Otros antecedentes relacionados con la especialidad que la comisi\u00f3n evaluadora considere valioso merituar.<\/li>\n<\/ul>\n<\/li>\n<\/ul>\n\n\n\n<p class=\"has-large-font-size\">2. Propuesta curricular escrita<\/p>\n\n\n\n<ul>\n<li>El formato del proyecto debe contener todos los items evaluados en la grilla. Para guiarse, se sugiere la lectura de la <a rel=\"noreferrer noopener\" href=\"https:\/\/docs.google.com\/document\/d\/1R2LZ7dNqjERXt5otKn4n_7e05yKfXIo4\/edit?usp=sharing&amp;ouid=100124722418141044121&amp;rtpof=true&amp;sd=true\" data-type=\"URL\" data-id=\"https:\/\/docs.google.com\/document\/d\/1R2LZ7dNqjERXt5otKn4n_7e05yKfXIo4\/edit?usp=sharing&amp;ouid=100124722418141044121&amp;rtpof=true&amp;sd=true\" target=\"_blank\">Disposici\u00f3n N\u00b0 30\/05.<\/a><\/li>\n\n\n\n<li>Debe basarse en el Dise\u00f1o Curricular vigente de la carrera a la que aspira a concursar.<\/li>\n\n\n\n<li>Se eval\u00faa mediante la grilla establecida en el Anexo II de la<a href=\"https:\/\/drive.google.com\/file\/d\/1702-ItiqwdHgLx1dgn9NMjc7PMqdlD1Y\/view?usp=sharing\" data-type=\"URL\" data-id=\"https:\/\/drive.google.com\/file\/d\/1702-ItiqwdHgLx1dgn9NMjc7PMqdlD1Y\/view?usp=sharing\" target=\"_blank\" rel=\"noreferrer noopener\"> Resoluci\u00f3n N\u00b0 5886\/03<\/a><\/li>\n\n\n\n<li>Aprobar esta instancia es requisito excluyente para pasar a la entrevista<\/li>\n\n\n\n<li>Sugerimos considerar el R\u00e9gimen Acad\u00e9mico Institucional en donde se incluye el Anexo 1 \u00abPlan Institucional de Evaluaci\u00f3n de los Aprendizajes\u00bb<\/li>\n<\/ul>\n\n\n\n<p class=\"has-large-font-size\">3. Entrevista<\/p>\n\n\n\n<ul>\n<li>Se eval\u00faa mediante la grilla establecida en el Anexo II de la Resoluci\u00f3n N\u00b0 5886\/03<\/li>\n\n\n\n<li>La entrevista estar\u00e1 orientada a la fundamentaci\u00f3n, profundizaci\u00f3n y justificaci\u00f3n de los diferentes aspectos de la propuesta curricular que la Comisi\u00f3n Evaluadora considere conveniente precisar (objetivos, contenidos, estrategias did\u00e1cticas, trabajos pr\u00e1cticos, tiempo asignado, bibliograf\u00eda, evaluaci\u00f3n, proyecci\u00f3n de acciones de extensi\u00f3n e investigaci\u00f3n, proyecto de conformaci\u00f3n del equipo docente). En particular, la Comisi\u00f3n Evaluadora atender\u00e1 a profundizar aquellos aspectos que la propuesta escrita no permitiera establecer con claridad. Asimismo, posibilitar\u00e1 apreciar las caracter\u00edsticas de la presentaci\u00f3n oral de los aspirantes.<\/li>\n<\/ul>\n\n\n\n<p><strong>Luego del desarrollo y la sumatoria de los puntajes de las 3 instancias, se elabora un listado por orden de m\u00e9rito. <em>\u00abEl listado tendr\u00e1 vigencia durante los <span class=\"has-inline-color has-vivid-red-color\">veinticuatro meses<\/span> posteriores a la notificaci\u00f3n de sus resultados, debi\u00e9ndose recurrir al mismo ante la necesidad de cobertura de las mismas asignaturas, perspectivas o espacios\u00bb <\/em>(Resoluci\u00f3n N\u00b0 5886\/03)<\/strong><\/p>\n\n\n\n<p class=\"has-black-color has-cyan-bluish-gray-background-color has-text-color has-background has-medium-font-size\"><strong>Conformaci\u00f3n de la Comisi\u00f3n Evaluadora<\/strong><\/p>\n\n\n\n<ul>\n<li>Miembro del equipo directivo<\/li>\n\n\n\n<li>Profesor\/a integrante del Consejo Acad\u00e9mico Institucional<\/li>\n\n\n\n<li>Dos profesores con domino te\u00f3rico pr\u00e1ctico del plan de estudios y sus contenidos. Puede ser interno o externo<\/li>\n\n\n\n<li>Un representante de estudiantes<\/li>\n<\/ul>\n\n\n\n<p>Se invitar\u00e1 a los gremios a participar como veedores <\/p>\n\n\n\n<p class=\"has-black-color has-cyan-bluish-gray-background-color has-text-color has-background has-medium-font-size\"><strong>Difusi\u00f3n de las convocatorias<\/strong><\/p>\n\n\n\n<p>La difusi\u00f3n de las convocatorias la realiza la <a href=\"https:\/\/sadcasares.blogspot.com\/\" data-type=\"URL\" data-id=\"https:\/\/sadcasares.blogspot.com\/\">Secretar\u00eda de Asuntos Docenes<\/a> (SAD) <\/p>\n\n\n\n<p>Difusi\u00f3n de cobertura de c\u00e1tedras 2024.<a href=\"https:\/\/sadcasares.blogspot.com\/p\/solicitudes-cobertura-isfdyt-n80-isfdyt.html\" data-type=\"URL\" data-id=\"https:\/\/sadcasares.blogspot.com\/p\/solicitudes-cobertura-isfdyt-n80-isfdyt.html\" target=\"_blank\" rel=\"noreferrer noopener\"> Aqu\u00ed <\/a><\/p>\n\n\n\n<p class=\"has-black-color has-cyan-bluish-gray-background-color has-text-color has-background has-medium-font-size\"><strong>Inscripci\u00f3n, presentaci\u00f3n de carpeta y propuesta pedag\u00f3gica<\/strong><\/p>\n\n\n\n<p><strong><u>CORREO ELECTR\u00d3NICO PARA INSCRIPCI\u00d3N<\/u><\/strong><strong>:<\/strong>&nbsp;<a href=\"http:\/\/isfdyt80carloscasares@abc.gob.ar\/\">isfdyt80carloscasares@abc.gob.ar<\/a><\/p>\n\n\n\n<p>&nbsp;<strong><u>INSCRIPCI\u00d3N<\/u><\/strong> <strong>V\u00cdA MAIL<\/strong><\/p>\n\n\n\n<ul>\n<li>En asunto del mail consignar: INSCRIPCI\u00d3N_Carrera_nombre de la unidad curricular&nbsp;<\/li>\n\n\n\n<li>En el cuerpo consignar: Nombre y Apellido completo, DNI, n\u00famero de tel\u00e9fono, asignatura, carrera, a\u00f1o.&nbsp;<\/li>\n\n\n\n<li>Adjuntar 3 archivos por separado y s\u00f3lo en formato PDF (sin excepci\u00f3n)&nbsp;<\/li>\n<\/ul>\n\n\n\n<ol>\n<li>Propuesta Pedag\u00f3gica&nbsp;<\/li>\n\n\n\n<li><a href=\"https:\/\/docs.google.com\/document\/d\/19-ZjiV6nqnSNBNDKROfxmfpID1iQsal1\/edit?usp=share_link&amp;ouid=100124722418141044121&amp;rtpof=true&amp;sd=true\" data-type=\"URL\" data-id=\"https:\/\/docs.google.com\/document\/d\/19-ZjiV6nqnSNBNDKROfxmfpID1iQsal1\/edit?usp=share_link&amp;ouid=100124722418141044121&amp;rtpof=true&amp;sd=true\">Anexo III de la Resoluci\u00f3n 5886\/03&nbsp;<\/a><\/li>\n\n\n\n<li>Documentaci\u00f3n respaldatoria de lo consignado en el Anexo III&nbsp;<\/li>\n<\/ol>\n\n\n\n<p>\u00b7&nbsp;&nbsp;&nbsp;&nbsp;&nbsp;&nbsp;Cada archivo debe estar guardado con el siguiente formato:&nbsp;<\/p>\n\n\n\n<p>\u00b7&nbsp;&nbsp;&nbsp;&nbsp;&nbsp;&nbsp;Carrera_asignatura_Apellido_Proyecto \/o Anexo III \/ o Documentaci\u00f3n&nbsp;<\/p>\n\n\n\n<p><strong><u>INFORMACI\u00d3N:<\/u><\/strong><\/p>\n\n\n\n<ul>\n<li>Ser\u00e1 considerada notificaci\u00f3n fehaciente el acuse de recibo v\u00eda mail, desde el domicilio electr\u00f3nico constituido.<\/li>\n\n\n\n<li>Toda la informaci\u00f3n sobre contenidos de cada unidad curricular, formato del proyecto seg\u00fan Disposici\u00f3n 30\/05, normativa y Dise\u00f1o Curricular de cada carrera, R\u00e9gimen Acad\u00e9mico, anexo III, etc. puede ser consultado en el siguiente link:&nbsp;https:\/\/drive.google.com\/drive\/folders\/1SuTeFWOhyfBCT5Zw31YZw6jLnWHsjNeH?usp=share_link<\/li>\n<\/ul>\n\n\n\n<p>\u00b7&nbsp;&nbsp;&nbsp;&nbsp;&nbsp;&nbsp;<strong><u>INFORMES GENERALES Y TEMATICAS DE EDI<\/u><\/strong>: ISFDYT N\u00b0 80. Av. Presidente Per\u00f3n 28. TE: 2395 \u2013 451697. 14 a 21 Horas.<\/p>\n\n\n\n<p>\u00b7\u00a0\u00a0\u00a0\u00a0\u00a0\u00a0<strong><u> Jornada de <mark style=\"background-color:rgba(0, 0, 0, 0)\" class=\"has-inline-color has-vivid-red-color\">asistencia t\u00e9cnica<\/mark> para docentes aspirantes a concursar m\u00f3dulos en el nivel superior: febrero 2025. Fecha a confirmar<\/u><\/strong><\/p>\n\n\n\n<p class=\"has-black-color has-cyan-bluish-gray-background-color has-text-color has-background has-medium-font-size\"><strong>Dise\u00f1os Curriculares de las carreras<\/strong><\/p>\n\n\n\n<ul>\n<li>Tecnicatura Superior en An\u00e1lisis de Sistemas: <a href=\"https:\/\/drive.google.com\/file\/d\/1QRQ4zB1vaWqxULjHD8BXFfhC7jAfUhqK\/view?usp=sharing\" data-type=\"URL\" data-id=\"https:\/\/drive.google.com\/file\/d\/1QRQ4zB1vaWqxULjHD8BXFfhC7jAfUhqK\/view?usp=sharing\">R<\/a><a rel=\"noreferrer noopener\" href=\"https:\/\/drive.google.com\/file\/d\/1QRQ4zB1vaWqxULjHD8BXFfhC7jAfUhqK\/view?usp=sharing\" data-type=\"URL\" data-id=\"https:\/\/drive.google.com\/file\/d\/1QRQ4zB1vaWqxULjHD8BXFfhC7jAfUhqK\/view?usp=sharing\" target=\"_blank\">esoluci\u00f3n N\u00b0 6790\/19<\/a><\/li>\n\n\n\n<li>Profesorado de Educaci\u00f3n Inicial: <a rel=\"noreferrer noopener\" href=\"https:\/\/drive.google.com\/file\/d\/1Yjx49pNXyemwZI23w-z5WNc4cuRQqog_\/view?usp=sharing\" data-type=\"URL\" data-id=\"https:\/\/drive.google.com\/file\/d\/1Yjx49pNXyemwZI23w-z5WNc4cuRQqog_\/view?usp=sharing\" target=\"_blank\">Resoluci\u00f3n N\u00b0 4154\/07<\/a><\/li>\n\n\n\n<li>Profesorado de Ingl\u00e9s: <a rel=\"noreferrer noopener\" href=\"https:\/\/drive.google.com\/file\/d\/1EG-Z67xbkS0J-Iuri4q_2Ju27C8UqQ30\/view?usp=sharing\" data-type=\"URL\" data-id=\"https:\/\/drive.google.com\/file\/d\/1EG-Z67xbkS0J-Iuri4q_2Ju27C8UqQ30\/view?usp=sharing\" target=\"_blank\">Resoluci\u00f3n N\u00b0 1860\/17<\/a><\/li>\n\n\n\n<li>Profesorado de Educaci\u00f3n Especial:<a rel=\"noreferrer noopener\" href=\"https:\/\/drive.google.com\/file\/d\/1pzYE4RlA9n4uLzeeDPnMZD7de0TPDnVR\/view?usp=sharing\" data-type=\"URL\" data-id=\"https:\/\/drive.google.com\/file\/d\/1pzYE4RlA9n4uLzeeDPnMZD7de0TPDnVR\/view?usp=sharing\" target=\"_blank\"> Resoluci\u00f3n N\u00b0 1009\/09<\/a><\/li>\n\n\n\n<li>Tecnicatura Superior en Esterilizaci\u00f3n: <a href=\"https:\/\/drive.google.com\/file\/d\/1qTLKZ7oebXu6NjYqr4YZZKdvYnNtNDBW\/view?usp=share_link\" data-type=\"URL\" data-id=\"https:\/\/drive.google.com\/file\/d\/1qTLKZ7oebXu6NjYqr4YZZKdvYnNtNDBW\/view?usp=share_link\">Resoluci\u00f3n N\u00b0 530\/09<\/a><\/li>\n\n\n\n<li>Certificaci\u00f3n en Salud Mental: <a href=\"https:\/\/drive.google.com\/file\/d\/1nHvX08QAkDf6Z4moRptmZkXS8ki8OCet\/view?usp=share_link\" data-type=\"URL\" data-id=\"https:\/\/drive.google.com\/file\/d\/1nHvX08QAkDf6Z4moRptmZkXS8ki8OCet\/view?usp=share_link\">Resoluci\u00f3n N\u00b0 43\/17<\/a><\/li>\n<\/ul>\n\n\n\n<p>RAM = <a href=\"https:\/\/drive.google.com\/file\/d\/1wRMrKmetQXXJGqMGO_cEZ8yRNRiaepqF\/view?usp=sharing\" data-type=\"URL\" data-id=\"https:\/\/drive.google.com\/file\/d\/1wRMrKmetQXXJGqMGO_cEZ8yRNRiaepqF\/view?usp=sharing\" target=\"_blank\" rel=\"noreferrer noopener\">R\u00e9gimen Acad\u00e9mico Marco<\/a> (Resoluci\u00f3n N\u00b0 4043\/09)<\/p>\n\n\n\n<p><\/p>\n","protected":false},"excerpt":{"rendered":"<p>Informaci\u00f3n importante para aspirantes a concursar materias en el Nivel Superior Mecanismo de selecci\u00f3n por evaluaci\u00f3n de t\u00edtulos, antecedentes y oposici\u00f3n regulado por Resoluci\u00f3n N\u00b0 5886\/03 y Modificaci\u00f3n al Anexo I por Resoluci\u00f3n N\u00b0 1161\/20. Instancias: Comprende la siguiente evaluaci\u00f3n: 2. Propuesta curricular escrita 3. Entrevista Luego del desarrollo y la sumatoria de los puntajes &#8230; <a title=\"Cobertura de C\u00e1tedra\" class=\"read-more\" href=\"https:\/\/isfd80-bue.infd.edu.ar\/sitio\/cobertura-de-catedra\/\" aria-label=\"More on Cobertura de C\u00e1tedra\">[+]<\/a><\/p>\n","protected":false},"author":876,"featured_media":0,"parent":0,"menu_order":0,"comment_status":"closed","ping_status":"closed","template":"","meta":[],"acf":[],"_links":{"self":[{"href":"https:\/\/isfd80-bue.infd.edu.ar\/sitio\/wp-json\/wp\/v2\/pages\/764"}],"collection":[{"href":"https:\/\/isfd80-bue.infd.edu.ar\/sitio\/wp-json\/wp\/v2\/pages"}],"about":[{"href":"https:\/\/isfd80-bue.infd.edu.ar\/sitio\/wp-json\/wp\/v2\/types\/page"}],"author":[{"embeddable":true,"href":"https:\/\/isfd80-bue.infd.edu.ar\/sitio\/wp-json\/wp\/v2\/users\/876"}],"replies":[{"embeddable":true,"href":"https:\/\/isfd80-bue.infd.edu.ar\/sitio\/wp-json\/wp\/v2\/comments?post=764"}],"version-history":[{"count":37,"href":"https:\/\/isfd80-bue.infd.edu.ar\/sitio\/wp-json\/wp\/v2\/pages\/764\/revisions"}],"predecessor-version":[{"id":1725,"href":"https:\/\/isfd80-bue.infd.edu.ar\/sitio\/wp-json\/wp\/v2\/pages\/764\/revisions\/1725"}],"wp:attachment":[{"href":"https:\/\/isfd80-bue.infd.edu.ar\/sitio\/wp-json\/wp\/v2\/media?parent=764"}],"curies":[{"name":"wp","href":"https:\/\/api.w.org\/{rel}","templated":true}]}}