{"id":777,"date":"2021-10-21T14:43:34","date_gmt":"2021-10-21T17:43:34","guid":{"rendered":"https:\/\/isfd80-bue.infd.edu.ar\/sitio\/?page_id=777"},"modified":"2022-08-19T22:31:34","modified_gmt":"2022-08-20T01:31:34","slug":"ayudantia-de-catedra","status":"publish","type":"page","link":"https:\/\/isfd80-bue.infd.edu.ar\/sitio\/ayudantia-de-catedra\/","title":{"rendered":"Ayudant\u00eda de C\u00e1tedra"},"content":{"rendered":"\n<div class=\"wp-block-media-text alignwide is-stacked-on-mobile\"><figure class=\"wp-block-media-text__media\"><img decoding=\"async\" loading=\"lazy\" width=\"1080\" height=\"1080\" src=\"https:\/\/isfd80-bue.infd.edu.ar\/sitio\/wp-content\/uploads\/2022\/08\/Ayudantia-de-catedra.jpg\" alt=\"\" class=\"wp-image-1416 size-full\" srcset=\"https:\/\/isfd80-bue.infd.edu.ar\/sitio\/wp-content\/uploads\/2022\/08\/Ayudantia-de-catedra.jpg 1080w, https:\/\/isfd80-bue.infd.edu.ar\/sitio\/wp-content\/uploads\/2022\/08\/Ayudantia-de-catedra-1000x1000.jpg 1000w, https:\/\/isfd80-bue.infd.edu.ar\/sitio\/wp-content\/uploads\/2022\/08\/Ayudantia-de-catedra-500x500.jpg 500w, https:\/\/isfd80-bue.infd.edu.ar\/sitio\/wp-content\/uploads\/2022\/08\/Ayudantia-de-catedra-768x768.jpg 768w\" sizes=\"(max-width: 1080px) 100vw, 1080px\" \/><\/figure><div class=\"wp-block-media-text__content\">\n<ul id=\"block-0110a8e7-2dd4-47ac-8247-6481b5b27641\"><li>Ayudante de c\u00e1tedra graduado: es el titulado en el \u00e1rea vinculada al Espacio Curricular.<\/li><li>Ayudante de c\u00e1tedra alumno: es el estudiante del \u00faltimo a\u00f1o de una carrera docente, con trayectoria acad\u00e9mica destacada y con condiciones personales que ponen en relieve su compromiso y grado de participaci\u00f3n.<\/li><\/ul>\n\n\n\n<p class=\"has-text-align-center has-vivid-cyan-blue-color has-text-color\"><strong>CARGO AD HONOREM<\/strong><\/p>\n<\/div><\/div>\n\n\n\n<p><strong><span class=\"has-inline-color has-vivid-red-color\">Cronograma<\/span><\/strong><\/p>\n\n\n\n<figure class=\"wp-block-table is-style-stripes\"><table><tbody><tr><td><strong>Difusi\u00f3n<\/strong>: 23\/3\/22 a 1\u00b0 de abril 2022<\/td><td><\/td><td><\/td><\/tr><tr><td><strong>Presentaci\u00f3n de solicitud<\/strong>: 4 y 5 de abril<\/td><td><\/td><td><\/td><\/tr><tr><td><strong>Entrevistas<\/strong>: 6, 7 y 8 de abril<\/td><td><\/td><td><\/td><\/tr><tr><td><strong>Comienzo de actividades<\/strong>: 11 de abril<\/td><td><\/td><td><\/td><\/tr><\/tbody><\/table><\/figure>\n\n\n\n<p><span class=\"has-inline-color has-vivid-red-color\"><strong>Requisitos para la postulaci\u00f3n:<\/strong><\/span><\/p>\n\n\n\n<ul><li>El d\u00eda y horario de la ayudant\u00eda no puede superponerse con el d\u00eda y horario de la cursada del aspirante. El ayudante estudiante deber\u00e1 tener aprobada la materia a la que se postula.<\/li><li>El ayudante puede realizar su ayudant\u00eda en una carrera que no sea la suya siempre que el CAI considere la afinidad de incumbencias, temas y contenidos as\u00ed como la trayectoria formativa del aspirante.<\/li><li>Haber aprobado el 70% de las materias del plan de estudios<\/li><\/ul>\n\n\n\n<p><strong><span class=\"has-inline-color has-vivid-red-color\">Presentaci\u00f3n de la solicitud:<\/span><\/strong><\/p>\n\n\n\n<p>Los aspirantes deber\u00e1n presentar en sobre cerrado los d\u00edas 4 y 5 de abril en preceptoria desde las 13.30 hasta las 20.30 horas la siguiente documentaci\u00f3n:<\/p>\n\n\n\n<ul><li>la planilla de solicitud <\/li><li>Documentaci\u00f3n respaldatoria de lo declarado en la planilla de solicitud (Por ejemplo, t\u00edtulos o el t\u00edtulo o certificado anal\u00edtico)<\/li><\/ul>\n\n\n\n<p><strong><span class=\"has-inline-color has-vivid-red-color\">Instancias de evaluaci\u00f3n<\/span><\/strong><\/p>\n\n\n\n<ul><li><em>Evaluaci\u00f3n de t\u00edtulos y antecedentes <\/em>presentados en la planilla de solicitud. En el caso de los ayudantes alumnos, se valorar\u00e1 el promedio obtenido a la fecha de la prueba de selecci\u00f3n y el concepto y la calificaci\u00f3n en el espacio curricular en el cual aspira a desempe\u00f1arse como ayudante. El puntaje de valoraci\u00f3n ser\u00e1 de 50 a 100 puntos.<\/li><li><em>Entrevista personal. <\/em>Se realizar\u00e1 luego de la valoraci\u00f3n de los t\u00edtulos y antecedentes. El puntaje de valoraci\u00f3n ser\u00e1 de 50 a 100 puntos. El aspirante deber\u00e1 defender y ampliar su proyecto de ayudant\u00eda (las propuestas, aportes a la c\u00e1tedra y expectativas que motivan la postulaci\u00f3n) presentados en la planilla de solicitud.<\/li><\/ul>\n\n\n\n<p>Con los resultados obtenidos se producir\u00e1 un orden de m\u00e9rito por cada Espacio Curricular, que tendr\u00e1 validez durante el ciclo lectivo en el que se llev\u00f3 a cabo. Para que los aspirantes sean incluidos en el orden de m\u00e9rito deber\u00e1n obtener 70 (setenta) o m\u00e1s puntos.<\/p>\n\n\n\n<p><strong><span class=\"has-inline-color has-vivid-red-color\">Tareas de los ayudantes de c\u00e1tedra<\/span><\/strong><\/p>\n\n\n\n<p>Los ayudantes de c\u00e1tedra (graduados y\/o alumnos) colaborar\u00e1n seg\u00fan lo estime el profesor responsable en:<\/p>\n\n\n\n<ul><li>La elaboraci\u00f3n de proyectos de aula y el an\u00e1lisis de su inserci\u00f3n en el PEI y PCI.<\/li><li>La intervenci\u00f3n en actividades de investigaci\u00f3n y extensi\u00f3n que se realicen en el Espacio Curricular.<\/li><li>La orientaci\u00f3n a los estudiantes sobre la metodolog\u00eda y la bibliograf\u00eda tanto de estudio como de consulta.<\/li><li>El seguimiento de los aprendizajes.<\/li><\/ul>\n\n\n\n<p>&#8211; Los ayudantes de c\u00e1tedra (graduados y\/o alumnos) ser\u00e1n responsables de:<\/p>\n\n\n\n<ul><li>Participar en las reuniones de la c\u00e1tedra.<\/li><li>Informar al profesor de la c\u00e1tedra sobre las dificultades que se adviertan en los alumnos, en el desarrollo del Espacio Curricular.<\/li><li>Asistir a las reuniones institucionales que las autoridades determinaren.<\/li><\/ul>\n\n\n\n<p><strong><span class=\"has-inline-color has-vivid-red-color\">Derechos<\/span><\/strong><\/p>\n\n\n\n<ul><li>Se reconocer\u00e1 el desempe\u00f1o del profesor y de los ayudantes de c\u00e1tedra (graduados y\/o alumnos) mediante una constancia otorgada por la instituci\u00f3n.<\/li><li>Los ayudantes graduados se desempe\u00f1ar\u00e1n por un per\u00edodo m\u00ednimo de 1 (un) a\u00f1o y m\u00e1ximo de 2 (dos) a\u00f1os. Cumplido este plazo, volver\u00e1 a realizarse una selecci\u00f3n de ayudantes.<\/li><\/ul>\n\n\n\n<p><strong>Normativa <\/strong>que regula la selecci\u00f3n: <a rel=\"noreferrer noopener\" href=\"https:\/\/drive.google.com\/file\/d\/1fIQ3JP913JjIT5aEUhr5j9PMo1FYDCGG\/view?usp=sharing\" data-type=\"URL\" data-id=\"https:\/\/drive.google.com\/file\/d\/1fIQ3JP913JjIT5aEUhr5j9PMo1FYDCGG\/view?usp=sharing\" target=\"_blank\">Resoluci\u00f3n N\u00b0 3121\/04<\/a><\/p>\n\n\n\n<p><strong>Planilla de solicitud<\/strong>: descargue <a href=\"https:\/\/docs.google.com\/document\/d\/1eor0rL26Ad0VDOO6rfMhDXgclxcVzPy1\/edit?usp=sharing&amp;ouid=100124722418141044121&amp;rtpof=true&amp;sd=true\" data-type=\"URL\" data-id=\"https:\/\/docs.google.com\/document\/d\/1eor0rL26Ad0VDOO6rfMhDXgclxcVzPy1\/edit?usp=sharing&amp;ouid=100124722418141044121&amp;rtpof=true&amp;sd=true\" target=\"_blank\" rel=\"noreferrer noopener\">aqu\u00ed<\/a><\/p>\n\n\n\n<p><strong>Informes:<\/strong> Para mayor informaci\u00f3n puede escribir al correo <a href=\"mailto:consejoacademico80@gmail.com\">consejoacademico80@gmail.com<\/a><\/p>\n","protected":false},"excerpt":{"rendered":"<p>Ayudante de c\u00e1tedra graduado: es el titulado en el \u00e1rea vinculada al Espacio Curricular. Ayudante de c\u00e1tedra alumno: es el estudiante del \u00faltimo a\u00f1o de una carrera docente, con trayectoria acad\u00e9mica destacada y con condiciones personales que ponen en relieve su compromiso y grado de participaci\u00f3n. CARGO AD HONOREM Cronograma Difusi\u00f3n: 23\/3\/22 a 1\u00b0 de &#8230; <a title=\"Ayudant\u00eda de C\u00e1tedra\" class=\"read-more\" href=\"https:\/\/isfd80-bue.infd.edu.ar\/sitio\/ayudantia-de-catedra\/\" aria-label=\"More on Ayudant\u00eda de C\u00e1tedra\">[+]<\/a><\/p>\n","protected":false},"author":876,"featured_media":0,"parent":0,"menu_order":0,"comment_status":"closed","ping_status":"closed","template":"","meta":[],"acf":[],"_links":{"self":[{"href":"https:\/\/isfd80-bue.infd.edu.ar\/sitio\/wp-json\/wp\/v2\/pages\/777"}],"collection":[{"href":"https:\/\/isfd80-bue.infd.edu.ar\/sitio\/wp-json\/wp\/v2\/pages"}],"about":[{"href":"https:\/\/isfd80-bue.infd.edu.ar\/sitio\/wp-json\/wp\/v2\/types\/page"}],"author":[{"embeddable":true,"href":"https:\/\/isfd80-bue.infd.edu.ar\/sitio\/wp-json\/wp\/v2\/users\/876"}],"replies":[{"embeddable":true,"href":"https:\/\/isfd80-bue.infd.edu.ar\/sitio\/wp-json\/wp\/v2\/comments?post=777"}],"version-history":[{"count":4,"href":"https:\/\/isfd80-bue.infd.edu.ar\/sitio\/wp-json\/wp\/v2\/pages\/777\/revisions"}],"predecessor-version":[{"id":1418,"href":"https:\/\/isfd80-bue.infd.edu.ar\/sitio\/wp-json\/wp\/v2\/pages\/777\/revisions\/1418"}],"wp:attachment":[{"href":"https:\/\/isfd80-bue.infd.edu.ar\/sitio\/wp-json\/wp\/v2\/media?parent=777"}],"curies":[{"name":"wp","href":"https:\/\/api.w.org\/{rel}","templated":true}]}}